{"id":490,"date":"2021-04-20T08:50:47","date_gmt":"2021-04-20T06:50:47","guid":{"rendered":"https:\/\/www.seniorenresidenz-jeberjahn.de\/test\/?page_id=490"},"modified":"2025-06-30T09:34:53","modified_gmt":"2025-06-30T07:34:53","slug":"kurzzeitpflege","status":"publish","type":"page","link":"https:\/\/www.seniorenresidenz-jeberjahn.de\/test\/kurzzeitpflege\/","title":{"rendered":"Kurzzeitpflege"},"content":{"rendered":"\n<p>Ein dringend n\u00f6tiger Urlaub, eigene Krankenhausaufenthalte, famili\u00e4re Termine: Es gibt immer wieder F\u00e4lle, in denen Sie pflegebed\u00fcrftige Angeh\u00f6rige zeitweise nicht betreuen k\u00f6nnen. Gerne versorgen wir in dieser Zeit Ihre Angeh\u00f6rigen im Rahmen der Kurzzeitpflege. Die Kurzzeitpflege ist in der Regel auf vier Wochen im Jahr befristet und nur bei Vorliegen eines Pflegegrads m\u00f6glich.<\/p>\n\n\n\n<p>Ideal ist eine Kurzzeitpflege \u00fcbrigens auch dann, wenn Sie sich nach einem Krankenhausaufenthalt noch umsorgen lassen m\u00f6chten.<\/p>\n","protected":false},"excerpt":{"rendered":"<p>Ein dringend n\u00f6tiger Urlaub, eigene Krankenhausaufenthalte, famili\u00e4re Termine: Es gibt immer wieder F\u00e4lle, in denen Sie pflegebed\u00fcrftige Angeh\u00f6rige zeitweise nicht betreuen k\u00f6nnen. Gerne versorgen wir in dieser Zeit Ihre Angeh\u00f6rigen im Rahmen der Kurzzeitpflege. Die Kurzzeitpflege ist in der Regel auf vier Wochen im Jahr befristet und nur bei Vorliegen eines Pflegegrads m\u00f6glich. Ideal ist &hellip; <\/p>\n<p class=\"link-more\"><a href=\"https:\/\/www.seniorenresidenz-jeberjahn.de\/test\/kurzzeitpflege\/\" class=\"more-link\"><span class=\"screen-reader-text\">\u201eKurzzeitpflege\u201c<\/span> weiterlesen<\/a><\/p>\n","protected":false},"author":1,"featured_media":0,"parent":0,"menu_order":0,"comment_status":"closed","ping_status":"closed","template":"","meta":[],"_links":{"self":[{"href":"https:\/\/www.seniorenresidenz-jeberjahn.de\/test\/wp-json\/wp\/v2\/pages\/490"}],"collection":[{"href":"https:\/\/www.seniorenresidenz-jeberjahn.de\/test\/wp-json\/wp\/v2\/pages"}],"about":[{"href":"https:\/\/www.seniorenresidenz-jeberjahn.de\/test\/wp-json\/wp\/v2\/types\/page"}],"author":[{"embeddable":true,"href":"https:\/\/www.seniorenresidenz-jeberjahn.de\/test\/wp-json\/wp\/v2\/users\/1"}],"replies":[{"embeddable":true,"href":"https:\/\/www.seniorenresidenz-jeberjahn.de\/test\/wp-json\/wp\/v2\/comments?post=490"}],"version-history":[{"count":2,"href":"https:\/\/www.seniorenresidenz-jeberjahn.de\/test\/wp-json\/wp\/v2\/pages\/490\/revisions"}],"predecessor-version":[{"id":624,"href":"https:\/\/www.seniorenresidenz-jeberjahn.de\/test\/wp-json\/wp\/v2\/pages\/490\/revisions\/624"}],"wp:attachment":[{"href":"https:\/\/www.seniorenresidenz-jeberjahn.de\/test\/wp-json\/wp\/v2\/media?parent=490"}],"curies":[{"name":"wp","href":"https:\/\/api.w.org\/{rel}","templated":true}]}}