{"id":492,"date":"2021-04-20T08:50:47","date_gmt":"2021-04-20T06:50:47","guid":{"rendered":"https:\/\/www.seniorenresidenz-jeberjahn.de\/test\/?page_id=492"},"modified":"2025-06-30T09:33:24","modified_gmt":"2025-06-30T07:33:24","slug":"aktivitaeten-und-betreuung","status":"publish","type":"page","link":"https:\/\/www.seniorenresidenz-jeberjahn.de\/test\/aktivitaeten-und-betreuung\/","title":{"rendered":"Aktivit\u00e4ten und Betreuung"},"content":{"rendered":"\n<p>In unseren Einrichtungen haben wir es uns zum Ziel gemacht pflegebed\u00fcrftigen Menschen ein zu Hause zu geben, in dem sie ihren Lebensabend bzw. einen Abschnitt ihres Lebens in Geborgenheit und in Sicherheit verbringen k\u00f6nnen.<\/p>\n\n\n\n<figure class=\"wp-container-2 wp-block-gallery-1 wp-block-gallery has-nested-images columns-default is-cropped\">\n<figure class=\"wp-block-image size-large\"><img loading=\"lazy\" width=\"768\" height=\"1024\" data-id=\"687\"  src=\"https:\/\/www.seniorenresidenz-jeberjahn.de\/test\/wp-content\/uploads\/2021\/04\/IMG-20190509-WA0031-768x1024.jpg\" alt=\"\" class=\"wp-image-687\" srcset=\"https:\/\/www.seniorenresidenz-jeberjahn.de\/test\/wp-content\/uploads\/2021\/04\/IMG-20190509-WA0031-768x1024.jpg 768w, https:\/\/www.seniorenresidenz-jeberjahn.de\/test\/wp-content\/uploads\/2021\/04\/IMG-20190509-WA0031-225x300.jpg 225w, https:\/\/www.seniorenresidenz-jeberjahn.de\/test\/wp-content\/uploads\/2021\/04\/IMG-20190509-WA0031-1152x1536.jpg 1152w, https:\/\/www.seniorenresidenz-jeberjahn.de\/test\/wp-content\/uploads\/2021\/04\/IMG-20190509-WA0031.jpg 1200w\" sizes=\"(max-width: 767px) 89vw, (max-width: 1000px) 54vw, (max-width: 1071px) 543px, 580px\" \/><\/figure>\n\n\n\n<figure class=\"wp-block-image size-large\"><img loading=\"lazy\" width=\"768\" height=\"1024\" data-id=\"688\"  src=\"https:\/\/www.seniorenresidenz-jeberjahn.de\/test\/wp-content\/uploads\/2021\/04\/IMG-20190509-WA0035-768x1024.jpg\" alt=\"\" class=\"wp-image-688\" srcset=\"https:\/\/www.seniorenresidenz-jeberjahn.de\/test\/wp-content\/uploads\/2021\/04\/IMG-20190509-WA0035-768x1024.jpg 768w, https:\/\/www.seniorenresidenz-jeberjahn.de\/test\/wp-content\/uploads\/2021\/04\/IMG-20190509-WA0035-225x300.jpg 225w, https:\/\/www.seniorenresidenz-jeberjahn.de\/test\/wp-content\/uploads\/2021\/04\/IMG-20190509-WA0035-1152x1536.jpg 1152w, https:\/\/www.seniorenresidenz-jeberjahn.de\/test\/wp-content\/uploads\/2021\/04\/IMG-20190509-WA0035.jpg 1200w\" sizes=\"(max-width: 767px) 89vw, (max-width: 1000px) 54vw, (max-width: 1071px) 543px, 580px\" \/><\/figure>\n\n\n\n<figure class=\"wp-block-image size-large\"><img loading=\"lazy\" width=\"768\" height=\"1024\" data-id=\"689\"  src=\"https:\/\/www.seniorenresidenz-jeberjahn.de\/test\/wp-content\/uploads\/2021\/04\/WhatsApp-Image-2019-09-11-at-11.30.29-1-768x1024.jpeg\" alt=\"\" class=\"wp-image-689\" srcset=\"https:\/\/www.seniorenresidenz-jeberjahn.de\/test\/wp-content\/uploads\/2021\/04\/WhatsApp-Image-2019-09-11-at-11.30.29-1-768x1024.jpeg 768w, https:\/\/www.seniorenresidenz-jeberjahn.de\/test\/wp-content\/uploads\/2021\/04\/WhatsApp-Image-2019-09-11-at-11.30.29-1-225x300.jpeg 225w, https:\/\/www.seniorenresidenz-jeberjahn.de\/test\/wp-content\/uploads\/2021\/04\/WhatsApp-Image-2019-09-11-at-11.30.29-1-1152x1536.jpeg 1152w, https:\/\/www.seniorenresidenz-jeberjahn.de\/test\/wp-content\/uploads\/2021\/04\/WhatsApp-Image-2019-09-11-at-11.30.29-1.jpeg 1200w\" sizes=\"(max-width: 767px) 89vw, (max-width: 1000px) 54vw, (max-width: 1071px) 543px, 580px\" \/><\/figure>\n<\/figure>\n\n\n\n<p>Dazu geh\u00f6ren eine am Bewohner orientierte Pflege, Beratung, Betreuung und Begleitung mit dem Ziel der F\u00f6rderung jedes einzelnen Bewohners.<\/p>\n\n\n\n<p>Dazu ist es notwendig die W\u00fcnsche, Erwartungen, Probleme, aber auch die &nbsp;Ressourcen der Bewohner zu kennen. Auf dieser Grundlage wird mit ihnen die strukturierte Informationssammlung erstellt und darauf aufbauend die individuelle Ma\u00dfnahmenplanung. In dieser Ma\u00dfnahmenplanung werden auch Ma\u00dfnahmen der Betreuung geplant, welche der Pers\u00f6nlichkeit des Bewohners entsprechen und sichern, dass er entsprechend seinen F\u00e4hig- und Fertigkeiten gef\u00f6rdert wird bzw. vorhandene F\u00e4hig- und Fertigkeiten erhalten bleiben und somit seine Lebensqualit\u00e4t verbessert bzw. erhalten wird.<\/p>\n\n\n\n<figure class=\"wp-container-4 wp-block-gallery-3 wp-block-gallery has-nested-images columns-default is-cropped\">\n<figure class=\"wp-block-image size-large\"><img loading=\"lazy\" width=\"768\" height=\"1024\" data-id=\"696\"  src=\"https:\/\/www.seniorenresidenz-jeberjahn.de\/test\/wp-content\/uploads\/2021\/04\/Sud3-768x1024.jpg\" alt=\"\" class=\"wp-image-696\" srcset=\"https:\/\/www.seniorenresidenz-jeberjahn.de\/test\/wp-content\/uploads\/2021\/04\/Sud3-768x1024.jpg 768w, https:\/\/www.seniorenresidenz-jeberjahn.de\/test\/wp-content\/uploads\/2021\/04\/Sud3-225x300.jpg 225w, https:\/\/www.seniorenresidenz-jeberjahn.de\/test\/wp-content\/uploads\/2021\/04\/Sud3-1152x1536.jpg 1152w, https:\/\/www.seniorenresidenz-jeberjahn.de\/test\/wp-content\/uploads\/2021\/04\/Sud3.jpg 1200w\" sizes=\"(max-width: 767px) 89vw, (max-width: 1000px) 54vw, (max-width: 1071px) 543px, 580px\" \/><\/figure>\n\n\n\n<figure class=\"wp-block-image size-large\"><img loading=\"lazy\" width=\"768\" height=\"1024\" data-id=\"697\"  src=\"https:\/\/www.seniorenresidenz-jeberjahn.de\/test\/wp-content\/uploads\/2021\/04\/WhatsApp-Image-2019-09-11-at-11.30.29-768x1024.jpeg\" alt=\"\" class=\"wp-image-697\" srcset=\"https:\/\/www.seniorenresidenz-jeberjahn.de\/test\/wp-content\/uploads\/2021\/04\/WhatsApp-Image-2019-09-11-at-11.30.29-768x1024.jpeg 768w, https:\/\/www.seniorenresidenz-jeberjahn.de\/test\/wp-content\/uploads\/2021\/04\/WhatsApp-Image-2019-09-11-at-11.30.29-225x300.jpeg 225w, https:\/\/www.seniorenresidenz-jeberjahn.de\/test\/wp-content\/uploads\/2021\/04\/WhatsApp-Image-2019-09-11-at-11.30.29-1152x1536.jpeg 1152w, https:\/\/www.seniorenresidenz-jeberjahn.de\/test\/wp-content\/uploads\/2021\/04\/WhatsApp-Image-2019-09-11-at-11.30.29.jpeg 1200w\" sizes=\"(max-width: 767px) 89vw, (max-width: 1000px) 54vw, (max-width: 1071px) 543px, 580px\" \/><\/figure>\n\n\n\n<figure class=\"wp-block-image size-large\"><img loading=\"lazy\" width=\"768\" height=\"1024\" data-id=\"698\"  src=\"https:\/\/www.seniorenresidenz-jeberjahn.de\/test\/wp-content\/uploads\/2021\/04\/WhatsApp-Image-2019-09-11-at-11.30.30-768x1024.jpeg\" alt=\"\" class=\"wp-image-698\" srcset=\"https:\/\/www.seniorenresidenz-jeberjahn.de\/test\/wp-content\/uploads\/2021\/04\/WhatsApp-Image-2019-09-11-at-11.30.30-768x1024.jpeg 768w, https:\/\/www.seniorenresidenz-jeberjahn.de\/test\/wp-content\/uploads\/2021\/04\/WhatsApp-Image-2019-09-11-at-11.30.30-225x300.jpeg 225w, https:\/\/www.seniorenresidenz-jeberjahn.de\/test\/wp-content\/uploads\/2021\/04\/WhatsApp-Image-2019-09-11-at-11.30.30-1152x1536.jpeg 1152w, https:\/\/www.seniorenresidenz-jeberjahn.de\/test\/wp-content\/uploads\/2021\/04\/WhatsApp-Image-2019-09-11-at-11.30.30.jpeg 1200w\" sizes=\"(max-width: 767px) 89vw, (max-width: 1000px) 54vw, (max-width: 1071px) 543px, 580px\" \/><\/figure>\n<\/figure>\n\n\n\n<p>Aktivit\u00e4t und soziale Kontakte sind gut f\u00fcr K\u00f6rper und Geist. Unsere Bewohner k\u00f6nnen vielf\u00e4ltige Betreuungsangebote in der Gruppe nutzen, wie z.B. Spiele-Runden, Ged\u00e4chtnistraining, Sing- und Gespr\u00e4chskreise, Sitzgymnastik, Backen und Kaffeerunden, Zeitungsrunden, Sturzprophylaxe, Kochgruppen, Bingo und Zehn-Minuten-Aktivierung.<\/p>\n\n\n\n<figure class=\"wp-container-6 wp-block-gallery-5 wp-block-gallery has-nested-images columns-default is-cropped\">\n<figure class=\"wp-block-image size-large\"><img loading=\"lazy\" width=\"1024\" height=\"768\" data-id=\"691\"  src=\"https:\/\/www.seniorenresidenz-jeberjahn.de\/test\/wp-content\/uploads\/2021\/04\/IMG-20190509-WA0033-1024x768.jpg\" alt=\"\" class=\"wp-image-691\" srcset=\"https:\/\/www.seniorenresidenz-jeberjahn.de\/test\/wp-content\/uploads\/2021\/04\/IMG-20190509-WA0033-1024x768.jpg 1024w, https:\/\/www.seniorenresidenz-jeberjahn.de\/test\/wp-content\/uploads\/2021\/04\/IMG-20190509-WA0033-300x225.jpg 300w, https:\/\/www.seniorenresidenz-jeberjahn.de\/test\/wp-content\/uploads\/2021\/04\/IMG-20190509-WA0033-768x576.jpg 768w, https:\/\/www.seniorenresidenz-jeberjahn.de\/test\/wp-content\/uploads\/2021\/04\/IMG-20190509-WA0033-1536x1152.jpg 1536w, https:\/\/www.seniorenresidenz-jeberjahn.de\/test\/wp-content\/uploads\/2021\/04\/IMG-20190509-WA0033.jpg 1600w\" sizes=\"(max-width: 767px) 89vw, (max-width: 1000px) 54vw, (max-width: 1071px) 543px, 580px\" \/><\/figure>\n\n\n\n<figure class=\"wp-block-image size-large\"><img loading=\"lazy\" width=\"1024\" height=\"768\" data-id=\"692\"  src=\"https:\/\/www.seniorenresidenz-jeberjahn.de\/test\/wp-content\/uploads\/2021\/04\/WhatsApp-Image-2019-09-11-at-11.30.32-1024x768.jpeg\" alt=\"\" class=\"wp-image-692\" srcset=\"https:\/\/www.seniorenresidenz-jeberjahn.de\/test\/wp-content\/uploads\/2021\/04\/WhatsApp-Image-2019-09-11-at-11.30.32-1024x768.jpeg 1024w, https:\/\/www.seniorenresidenz-jeberjahn.de\/test\/wp-content\/uploads\/2021\/04\/WhatsApp-Image-2019-09-11-at-11.30.32-300x225.jpeg 300w, https:\/\/www.seniorenresidenz-jeberjahn.de\/test\/wp-content\/uploads\/2021\/04\/WhatsApp-Image-2019-09-11-at-11.30.32-768x576.jpeg 768w, https:\/\/www.seniorenresidenz-jeberjahn.de\/test\/wp-content\/uploads\/2021\/04\/WhatsApp-Image-2019-09-11-at-11.30.32-1536x1152.jpeg 1536w, https:\/\/www.seniorenresidenz-jeberjahn.de\/test\/wp-content\/uploads\/2021\/04\/WhatsApp-Image-2019-09-11-at-11.30.32.jpeg 1600w\" sizes=\"(max-width: 767px) 89vw, (max-width: 1000px) 54vw, (max-width: 1071px) 543px, 580px\" \/><\/figure>\n<\/figure>\n\n\n\n<p>Daneben gibt es Einzelangebote wie z.B. \u00dcbungen zur Verbesserung der Wahrnehmung,  Entspannungsangebote, Basale Stimulation, Ged\u00e4chtnistraining, Singen oder Vorlesen.<\/p>\n\n\n\n<div class=\"wp-block-file\"><a id=\"wp-block-file--media-fcc5da90-df0c-4ded-b34b-d3509699716e\" href=\"https:\/\/www.seniorenresidenz-jeberjahn.de\/test\/wp-content\/uploads\/2021\/04\/Beschaeftigungsplan-Muster.pdf\">Beschaeftigungsplan-Muster<\/a><a href=\"https:\/\/www.seniorenresidenz-jeberjahn.de\/test\/wp-content\/uploads\/2021\/04\/Beschaeftigungsplan-Muster.pdf\" class=\"wp-block-file__button\" download aria-describedby=\"wp-block-file--media-fcc5da90-df0c-4ded-b34b-d3509699716e\">Herunterladen<\/a><\/div>\n\n\n\n<p>Jede pflegebed\u00fcrftige Person hat seit dem 1. Januar 2017 einen Anspruch auf zus\u00e4tzliche Betreuung und Aktivierung in voll- und teilstation\u00e4ren Einrichtungen, die \u00fcber die nach Art und Schwere der Pflegebed\u00fcrftigkeit notwendige Versorgung hinausgeht. Menschen in der station\u00e4ren Pflege wird durch diese zus\u00e4tzliche Betreuung und Aktivierung mehr Zuwendung, mehr Austausch mit anderen Menschen sowie ein besseres Teilnehmen am Leben in der Gemeinschaft erm\u00f6glicht. Die Kosten f\u00fcr diese Leistungen werden im vollen Umfang von der Pflegeversicherung getragen, indem sogenannte zus\u00e4tzliche Betreuungskr\u00e4fte finanziert werden.<\/p>\n\n\n\n<p>Zus\u00e4tzlich sorgen \u00fcbers Jahr verschiedene Ausfl\u00fcge, Kulturveranstaltungen und jahreszeitliche Feste immer wieder f\u00fcr H\u00f6hepunkte. Langeweile kommt bei uns ganz sicher nicht auf.<\/p>\n\n\n\n<div class=\"wp-block-envira-envira-gallery\"><div id=\"envira-gallery-wrap-718\" class=\"envira-gallery-wrap envira-gallery-theme-base envira-lightbox-theme-base\" itemscope itemtype=\"https:\/\/schema.org\/ImageGallery\"><div style=\"opacity: 0.0\"  data-row-height=\"150\" data-gallery-theme=\"normal\" id=\"envira-gallery-718\" class=\"envira-gallery-public envira-gallery-justified-public envira-gallery-0-columns envira-clear enviratope envira-gallery-css-animations\" data-envira-columns=\"0\"><div id=\"envira-gallery-item-711\" class=\"envira-gallery-item enviratope-item envira-gallery-item-1 envira-lazy-load\" style=\"padding-left: 1px; padding-bottom: 1px; padding-right: 1px;\"  itemscope itemtype=\"https:\/\/schema.org\/ImageObject\"><div class=\"envira-gallery-item-inner\"><div class=\"envira-gallery-position-overlay  envira-gallery-top-left\"><\/div><div class=\"envira-gallery-position-overlay  envira-gallery-top-right\"><\/div><div class=\"envira-gallery-position-overlay  envira-gallery-bottom-left\"><\/div><div class=\"envira-gallery-position-overlay  envira-gallery-bottom-right\"><\/div><a href=\"https:\/\/www.seniorenresidenz-jeberjahn.de\/test\/wp-content\/uploads\/2021\/04\/DMC-FZ38046-scaled.jpg\" class=\"envira-gallery-718 envira-gallery-link\" rel=\"enviragallery718\" title=\"DMC-FZ38046\" data-envira-caption=\"DMC-FZ38046\" data-envira-retina=\"\" data-thumbnail=\"\"  itemprop=\"contentUrl\"><img id=\"envira-gallery-image-711\" class=\"envira-gallery-image envira-gallery-image-1 envira-normal envira-lazy\" data-envira-index=\"1\" src=\"https:\/\/www.seniorenresidenz-jeberjahn.de\/test\/wp-content\/uploads\/2021\/04\/DMC-FZ38046-1024x768-640x480.jpg\" data-envira-src=\"https:\/\/www.seniorenresidenz-jeberjahn.de\/test\/wp-content\/uploads\/2021\/04\/DMC-FZ38046-1024x768-640x480.jpg\" data-envira-gallery-id=\"718\" data-envira-item-id=\"711\" data-envira-caption=\"DMC-FZ38046\" alt=\"\" title=\"DMC-FZ38046\"  itemprop=\"thumbnailUrl\" data-envira-srcset=\"https:\/\/www.seniorenresidenz-jeberjahn.de\/test\/wp-content\/uploads\/2021\/04\/DMC-FZ38046-1024x768-640x480.jpg 400w,https:\/\/www.seniorenresidenz-jeberjahn.de\/test\/wp-content\/uploads\/2021\/04\/DMC-FZ38046-1024x768-640x480.jpg 2x\" data-envira-width=\"300\" data-envira-height=\"225\" srcset=\"data:image\/gif;base64,R0lGODlhAQABAIAAAP\/\/\/\/\/\/\/yH5BAEKAAEALAAAAAABAAEAAAICTAEAOw==\" data-safe-src=\"data:image\/gif;base64,R0lGODlhAQABAIAAAP\/\/\/\/\/\/\/yH5BAEKAAEALAAAAAABAAEAAAICTAEAOw==\" \/><\/a><\/div><\/div><div id=\"envira-gallery-item-712\" class=\"envira-gallery-item enviratope-item envira-gallery-item-2 envira-lazy-load\" style=\"padding-left: 1px; padding-bottom: 1px; padding-right: 1px;\"  itemscope itemtype=\"https:\/\/schema.org\/ImageObject\"><div class=\"envira-gallery-item-inner\"><div class=\"envira-gallery-position-overlay  envira-gallery-top-left\"><\/div><div class=\"envira-gallery-position-overlay  envira-gallery-top-right\"><\/div><div class=\"envira-gallery-position-overlay  envira-gallery-bottom-left\"><\/div><div class=\"envira-gallery-position-overlay  envira-gallery-bottom-right\"><\/div><a href=\"https:\/\/www.seniorenresidenz-jeberjahn.de\/test\/wp-content\/uploads\/2021\/04\/DMC-FZ38048-scaled.jpg\" class=\"envira-gallery-718 envira-gallery-link\" rel=\"enviragallery718\" title=\"DMC-FZ38048\" data-envira-caption=\"DMC-FZ38048\" data-envira-retina=\"\" data-thumbnail=\"\"  itemprop=\"contentUrl\"><img id=\"envira-gallery-image-712\" class=\"envira-gallery-image envira-gallery-image-2 envira-normal envira-lazy\" data-envira-index=\"2\" src=\"https:\/\/www.seniorenresidenz-jeberjahn.de\/test\/wp-content\/uploads\/2021\/04\/DMC-FZ38048-1024x768-640x480.jpg\" data-envira-src=\"https:\/\/www.seniorenresidenz-jeberjahn.de\/test\/wp-content\/uploads\/2021\/04\/DMC-FZ38048-1024x768-640x480.jpg\" data-envira-gallery-id=\"718\" data-envira-item-id=\"712\" data-envira-caption=\"DMC-FZ38048\" alt=\"\" title=\"DMC-FZ38048\"  itemprop=\"thumbnailUrl\" data-envira-srcset=\"https:\/\/www.seniorenresidenz-jeberjahn.de\/test\/wp-content\/uploads\/2021\/04\/DMC-FZ38048-1024x768-640x480.jpg 400w,https:\/\/www.seniorenresidenz-jeberjahn.de\/test\/wp-content\/uploads\/2021\/04\/DMC-FZ38048-1024x768-640x480.jpg 2x\" data-envira-width=\"300\" data-envira-height=\"225\" srcset=\"data:image\/gif;base64,R0lGODlhAQABAIAAAP\/\/\/\/\/\/\/yH5BAEKAAEALAAAAAABAAEAAAICTAEAOw==\" data-safe-src=\"data:image\/gif;base64,R0lGODlhAQABAIAAAP\/\/\/\/\/\/\/yH5BAEKAAEALAAAAAABAAEAAAICTAEAOw==\" \/><\/a><\/div><\/div><div id=\"envira-gallery-item-713\" class=\"envira-gallery-item enviratope-item envira-gallery-item-3 envira-lazy-load\" style=\"padding-left: 1px; padding-bottom: 1px; padding-right: 1px;\"  itemscope itemtype=\"https:\/\/schema.org\/ImageObject\"><div class=\"envira-gallery-item-inner\"><div class=\"envira-gallery-position-overlay  envira-gallery-top-left\"><\/div><div class=\"envira-gallery-position-overlay  envira-gallery-top-right\"><\/div><div class=\"envira-gallery-position-overlay  envira-gallery-bottom-left\"><\/div><div class=\"envira-gallery-position-overlay  envira-gallery-bottom-right\"><\/div><a href=\"https:\/\/www.seniorenresidenz-jeberjahn.de\/test\/wp-content\/uploads\/2021\/04\/DSC_4913-2020_08_17-11_42_08-UTC-scaled.jpg\" class=\"envira-gallery-718 envira-gallery-link\" rel=\"enviragallery718\" title=\"DSC_4913-2020_08_17-11_42_08-UTC\" data-envira-caption=\"DSC_4913-2020_08_17-11_42_08-UTC\" data-envira-retina=\"\" data-thumbnail=\"\"  itemprop=\"contentUrl\"><img id=\"envira-gallery-image-713\" class=\"envira-gallery-image envira-gallery-image-3 envira-normal envira-lazy\" data-envira-index=\"3\" src=\"https:\/\/www.seniorenresidenz-jeberjahn.de\/test\/wp-content\/uploads\/2021\/04\/DSC_4913-2020_08_17-11_42_08-UTC-1024x683-640x480.jpg\" data-envira-src=\"https:\/\/www.seniorenresidenz-jeberjahn.de\/test\/wp-content\/uploads\/2021\/04\/DSC_4913-2020_08_17-11_42_08-UTC-1024x683-640x480.jpg\" data-envira-gallery-id=\"718\" data-envira-item-id=\"713\" data-envira-caption=\"DSC_4913-2020_08_17-11_42_08-UTC\" alt=\"\" title=\"DSC_4913-2020_08_17-11_42_08-UTC\"  itemprop=\"thumbnailUrl\" data-envira-srcset=\"https:\/\/www.seniorenresidenz-jeberjahn.de\/test\/wp-content\/uploads\/2021\/04\/DSC_4913-2020_08_17-11_42_08-UTC-1024x683-640x480.jpg 400w,https:\/\/www.seniorenresidenz-jeberjahn.de\/test\/wp-content\/uploads\/2021\/04\/DSC_4913-2020_08_17-11_42_08-UTC-1024x683-640x480.jpg 2x\" data-envira-width=\"300\" data-envira-height=\"200\" srcset=\"data:image\/gif;base64,R0lGODlhAQABAIAAAP\/\/\/\/\/\/\/yH5BAEKAAEALAAAAAABAAEAAAICTAEAOw==\" data-safe-src=\"data:image\/gif;base64,R0lGODlhAQABAIAAAP\/\/\/\/\/\/\/yH5BAEKAAEALAAAAAABAAEAAAICTAEAOw==\" \/><\/a><\/div><\/div><div id=\"envira-gallery-item-714\" class=\"envira-gallery-item enviratope-item envira-gallery-item-4 envira-lazy-load\" style=\"padding-left: 1px; padding-bottom: 1px; padding-right: 1px;\"  itemscope itemtype=\"https:\/\/schema.org\/ImageObject\"><div class=\"envira-gallery-item-inner\"><div class=\"envira-gallery-position-overlay  envira-gallery-top-left\"><\/div><div class=\"envira-gallery-position-overlay  envira-gallery-top-right\"><\/div><div class=\"envira-gallery-position-overlay  envira-gallery-bottom-left\"><\/div><div class=\"envira-gallery-position-overlay  envira-gallery-bottom-right\"><\/div><a href=\"https:\/\/www.seniorenresidenz-jeberjahn.de\/test\/wp-content\/uploads\/2021\/04\/IMG_2750-2020_08_17-11_42_08-UTC-scaled.jpg\" class=\"envira-gallery-718 envira-gallery-link\" rel=\"enviragallery718\" title=\"IMG_2750-2020_08_17-11_42_08-UTC\" data-envira-caption=\"IMG_2750-2020_08_17-11_42_08-UTC\" data-envira-retina=\"\" data-thumbnail=\"\"  itemprop=\"contentUrl\"><img id=\"envira-gallery-image-714\" class=\"envira-gallery-image envira-gallery-image-4 envira-normal envira-lazy\" data-envira-index=\"4\" src=\"https:\/\/www.seniorenresidenz-jeberjahn.de\/test\/wp-content\/uploads\/2021\/04\/IMG_2750-2020_08_17-11_42_08-UTC-1024x768-640x480.jpg\" data-envira-src=\"https:\/\/www.seniorenresidenz-jeberjahn.de\/test\/wp-content\/uploads\/2021\/04\/IMG_2750-2020_08_17-11_42_08-UTC-1024x768-640x480.jpg\" data-envira-gallery-id=\"718\" data-envira-item-id=\"714\" data-envira-caption=\"IMG_2750-2020_08_17-11_42_08-UTC\" alt=\"\" title=\"IMG_2750-2020_08_17-11_42_08-UTC\"  itemprop=\"thumbnailUrl\" data-envira-srcset=\"https:\/\/www.seniorenresidenz-jeberjahn.de\/test\/wp-content\/uploads\/2021\/04\/IMG_2750-2020_08_17-11_42_08-UTC-1024x768-640x480.jpg 400w,https:\/\/www.seniorenresidenz-jeberjahn.de\/test\/wp-content\/uploads\/2021\/04\/IMG_2750-2020_08_17-11_42_08-UTC-1024x768-640x480.jpg 2x\" data-envira-width=\"300\" data-envira-height=\"225\" srcset=\"data:image\/gif;base64,R0lGODlhAQABAIAAAP\/\/\/\/\/\/\/yH5BAEKAAEALAAAAAABAAEAAAICTAEAOw==\" data-safe-src=\"data:image\/gif;base64,R0lGODlhAQABAIAAAP\/\/\/\/\/\/\/yH5BAEKAAEALAAAAAABAAEAAAICTAEAOw==\" \/><\/a><\/div><\/div><div id=\"envira-gallery-item-715\" class=\"envira-gallery-item enviratope-item envira-gallery-item-5 envira-lazy-load\" style=\"padding-left: 1px; padding-bottom: 1px; padding-right: 1px;\"  itemscope itemtype=\"https:\/\/schema.org\/ImageObject\"><div class=\"envira-gallery-item-inner\"><div class=\"envira-gallery-position-overlay  envira-gallery-top-left\"><\/div><div class=\"envira-gallery-position-overlay  envira-gallery-top-right\"><\/div><div class=\"envira-gallery-position-overlay  envira-gallery-bottom-left\"><\/div><div class=\"envira-gallery-position-overlay  envira-gallery-bottom-right\"><\/div><a href=\"https:\/\/www.seniorenresidenz-jeberjahn.de\/test\/wp-content\/uploads\/2021\/04\/NIKON-D5200053-scaled.jpg\" class=\"envira-gallery-718 envira-gallery-link\" rel=\"enviragallery718\" title=\"NIKON-D5200053\" data-envira-caption=\"NIKON-D5200053\" data-envira-retina=\"\" data-thumbnail=\"\"  itemprop=\"contentUrl\"><img id=\"envira-gallery-image-715\" class=\"envira-gallery-image envira-gallery-image-5 envira-normal envira-lazy\" data-envira-index=\"5\" src=\"https:\/\/www.seniorenresidenz-jeberjahn.de\/test\/wp-content\/uploads\/2021\/04\/NIKON-D5200053-1024x683-640x480.jpg\" data-envira-src=\"https:\/\/www.seniorenresidenz-jeberjahn.de\/test\/wp-content\/uploads\/2021\/04\/NIKON-D5200053-1024x683-640x480.jpg\" data-envira-gallery-id=\"718\" data-envira-item-id=\"715\" data-envira-caption=\"NIKON-D5200053\" alt=\"\" title=\"NIKON-D5200053\"  itemprop=\"thumbnailUrl\" data-envira-srcset=\"https:\/\/www.seniorenresidenz-jeberjahn.de\/test\/wp-content\/uploads\/2021\/04\/NIKON-D5200053-1024x683-640x480.jpg 400w,https:\/\/www.seniorenresidenz-jeberjahn.de\/test\/wp-content\/uploads\/2021\/04\/NIKON-D5200053-1024x683-640x480.jpg 2x\" data-envira-width=\"300\" data-envira-height=\"200\" srcset=\"data:image\/gif;base64,R0lGODlhAQABAIAAAP\/\/\/\/\/\/\/yH5BAEKAAEALAAAAAABAAEAAAICTAEAOw==\" data-safe-src=\"data:image\/gif;base64,R0lGODlhAQABAIAAAP\/\/\/\/\/\/\/yH5BAEKAAEALAAAAAABAAEAAAICTAEAOw==\" \/><\/a><\/div><\/div><div id=\"envira-gallery-item-717\" class=\"envira-gallery-item enviratope-item envira-gallery-item-6 envira-lazy-load\" style=\"padding-left: 1px; padding-bottom: 1px; padding-right: 1px;\"  itemscope itemtype=\"https:\/\/schema.org\/ImageObject\"><div class=\"envira-gallery-item-inner\"><div class=\"envira-gallery-position-overlay  envira-gallery-top-left\"><\/div><div class=\"envira-gallery-position-overlay  envira-gallery-top-right\"><\/div><div class=\"envira-gallery-position-overlay  envira-gallery-bottom-left\"><\/div><div class=\"envira-gallery-position-overlay  envira-gallery-bottom-right\"><\/div><a href=\"https:\/\/www.seniorenresidenz-jeberjahn.de\/test\/wp-content\/uploads\/2021\/04\/P1110819-2020_08_17-11_42_08-UTC-scaled.jpg\" class=\"envira-gallery-718 envira-gallery-link\" rel=\"enviragallery718\" title=\"P1110819-2020_08_17-11_42_08-UTC\" data-envira-caption=\"P1110819-2020_08_17-11_42_08-UTC\" data-envira-retina=\"\" data-thumbnail=\"\"  itemprop=\"contentUrl\"><img id=\"envira-gallery-image-717\" class=\"envira-gallery-image envira-gallery-image-6 envira-normal envira-lazy\" data-envira-index=\"6\" src=\"https:\/\/www.seniorenresidenz-jeberjahn.de\/test\/wp-content\/uploads\/2021\/04\/P1110819-2020_08_17-11_42_08-UTC-1024x768-640x480.jpg\" data-envira-src=\"https:\/\/www.seniorenresidenz-jeberjahn.de\/test\/wp-content\/uploads\/2021\/04\/P1110819-2020_08_17-11_42_08-UTC-1024x768-640x480.jpg\" data-envira-gallery-id=\"718\" data-envira-item-id=\"717\" data-envira-caption=\"P1110819-2020_08_17-11_42_08-UTC\" alt=\"\" title=\"P1110819-2020_08_17-11_42_08-UTC\"  itemprop=\"thumbnailUrl\" data-envira-srcset=\"https:\/\/www.seniorenresidenz-jeberjahn.de\/test\/wp-content\/uploads\/2021\/04\/P1110819-2020_08_17-11_42_08-UTC-1024x768-640x480.jpg 400w,https:\/\/www.seniorenresidenz-jeberjahn.de\/test\/wp-content\/uploads\/2021\/04\/P1110819-2020_08_17-11_42_08-UTC-1024x768-640x480.jpg 2x\" data-envira-width=\"300\" data-envira-height=\"225\" srcset=\"data:image\/gif;base64,R0lGODlhAQABAIAAAP\/\/\/\/\/\/\/yH5BAEKAAEALAAAAAABAAEAAAICTAEAOw==\" data-safe-src=\"data:image\/gif;base64,R0lGODlhAQABAIAAAP\/\/\/\/\/\/\/yH5BAEKAAEALAAAAAABAAEAAAICTAEAOw==\" \/><\/a><\/div><\/div><\/div><\/div><noscript><img src=\"https:\/\/www.seniorenresidenz-jeberjahn.de\/test\/wp-content\/uploads\/2021\/04\/DMC-FZ38046-scaled.jpg\" alt=\"\" \/><img src=\"https:\/\/www.seniorenresidenz-jeberjahn.de\/test\/wp-content\/uploads\/2021\/04\/DMC-FZ38048-scaled.jpg\" alt=\"\" \/><img src=\"https:\/\/www.seniorenresidenz-jeberjahn.de\/test\/wp-content\/uploads\/2021\/04\/DSC_4913-2020_08_17-11_42_08-UTC-scaled.jpg\" alt=\"\" \/><img src=\"https:\/\/www.seniorenresidenz-jeberjahn.de\/test\/wp-content\/uploads\/2021\/04\/IMG_2750-2020_08_17-11_42_08-UTC-scaled.jpg\" alt=\"\" \/><img src=\"https:\/\/www.seniorenresidenz-jeberjahn.de\/test\/wp-content\/uploads\/2021\/04\/NIKON-D5200053-scaled.jpg\" alt=\"\" \/><img src=\"https:\/\/www.seniorenresidenz-jeberjahn.de\/test\/wp-content\/uploads\/2021\/04\/P1110819-2020_08_17-11_42_08-UTC-scaled.jpg\" alt=\"\" \/><\/noscript><\/div>\n","protected":false},"excerpt":{"rendered":"<p>In unseren Einrichtungen haben wir es uns zum Ziel gemacht pflegebed\u00fcrftigen Menschen ein zu Hause zu geben, in dem sie ihren Lebensabend bzw. einen Abschnitt ihres Lebens in Geborgenheit und in Sicherheit verbringen k\u00f6nnen. Dazu geh\u00f6ren eine am Bewohner orientierte Pflege, Beratung, Betreuung und Begleitung mit dem Ziel der F\u00f6rderung jedes einzelnen Bewohners. Dazu ist &hellip; <\/p>\n<p class=\"link-more\"><a href=\"https:\/\/www.seniorenresidenz-jeberjahn.de\/test\/aktivitaeten-und-betreuung\/\" class=\"more-link\"><span class=\"screen-reader-text\">\u201eAktivit\u00e4ten und Betreuung\u201c<\/span> weiterlesen<\/a><\/p>\n","protected":false},"author":1,"featured_media":0,"parent":0,"menu_order":0,"comment_status":"closed","ping_status":"closed","template":"","meta":[],"_links":{"self":[{"href":"https:\/\/www.seniorenresidenz-jeberjahn.de\/test\/wp-json\/wp\/v2\/pages\/492"}],"collection":[{"href":"https:\/\/www.seniorenresidenz-jeberjahn.de\/test\/wp-json\/wp\/v2\/pages"}],"about":[{"href":"https:\/\/www.seniorenresidenz-jeberjahn.de\/test\/wp-json\/wp\/v2\/types\/page"}],"author":[{"embeddable":true,"href":"https:\/\/www.seniorenresidenz-jeberjahn.de\/test\/wp-json\/wp\/v2\/users\/1"}],"replies":[{"embeddable":true,"href":"https:\/\/www.seniorenresidenz-jeberjahn.de\/test\/wp-json\/wp\/v2\/comments?post=492"}],"version-history":[{"count":15,"href":"https:\/\/www.seniorenresidenz-jeberjahn.de\/test\/wp-json\/wp\/v2\/pages\/492\/revisions"}],"predecessor-version":[{"id":1028,"href":"https:\/\/www.seniorenresidenz-jeberjahn.de\/test\/wp-json\/wp\/v2\/pages\/492\/revisions\/1028"}],"wp:attachment":[{"href":"https:\/\/www.seniorenresidenz-jeberjahn.de\/test\/wp-json\/wp\/v2\/media?parent=492"}],"curies":[{"name":"wp","href":"https:\/\/api.w.org\/{rel}","templated":true}]}}